{"id":9552,"date":"2020-05-28T08:50:38","date_gmt":"2020-05-28T07:50:38","guid":{"rendered":"https:\/\/www.auch-tourisme.com\/en\/visibilite-de-votre-activite-sur-internet"},"modified":"2020-05-28T08:50:38","modified_gmt":"2020-05-28T07:50:38","slug":"visibilite-de-votre-activite-sur-internet","status":"publish","type":"page","link":"https:\/\/www.auch-tourisme.com\/en\/pro-area\/visibilite-de-votre-activite-sur-internet\/","title":{"rendered":"Visibilit\u00e9 de votre activit\u00e9 sur internet"},"content":{"rendered":"\n<p class=\"is-style-excerpt\">En \u00e9tant partenaire de l&#8217;office de tourisme, vous acc\u00e9dez \u00e0 l&#8217;accompagnement num\u00e9rique personnalis\u00e9, \u00e0 l&#8217;aide pour la promotion de votre activit\u00e9 professionnelle.<\/p>\n\n\n\n<p class=\"is-style-blockquote\">Notre objectif : vous aider \u00e0 \u00eatre plus performant !<\/p>\n\n\n\n<h2>Nos formules gratuites <\/h2>\n\n\n\n<p>Nous vous proposons des <strong>rendez-vous pratiques individuels<\/strong>. Selon les p\u00e9riodes de l&#8217;ann\u00e9e des <strong>mini-conf&#8217; d&#8217;information<\/strong> peuvent \u00eatre programm\u00e9es. <\/p>\n\n\n\n<h3>Aide personnalis\u00e9e sur rendez-vous<\/h3>\n\n\n\n<p>Le service d&#8217;animation num\u00e9rique de territoire est \u00e0 votre disposition que vous soyez un professionnel du tourisme, des loisirs, de la restauration, de l&#8217;agritourisme, de l&#8217;oenotourisme, un commer\u00e7ant, un programmateur d&#8217;\u00e9v\u00e9nement public, priv\u00e9, associatif, professionnel etc. Les seules conditions : <\/p>\n\n\n\n<ul><li><strong>votre volont\u00e9<\/strong> (temps \u00e0 d\u00e9gager, \u00e0 organiser \u00e0 la carte au regard de votre situation, de vos besoins et attentes) <\/li><li>\u00eatre <a rel=\"noreferrer noopener\" href=\"https:\/\/www.auch-tourisme.com\/en\/pro-area-presse\/devenir-partenaire-de-loffice-de-tourisme\/\" target=\"_blank\">partenaire de l&#8217;office de tourisme<\/a> (ou le devenir).<\/li><\/ul>\n\n\n\n<p>Pour prendre un rendez-vous ou obtenir toute information compl\u00e9mentaire au sujet de ce service et des possibilit\u00e9s d&#8217;aides, prenez contact avec  Sabine.<\/p>\n\n\n\n<div class=\"wp-block-columns\">\n<div class=\"wp-block-column\" style=\"flex-basis:33.33%\">\n<figure class=\"wp-block-image size-large\"><img loading=\"lazy\" width=\"202\" height=\"152\" data-src=\"https:\/\/www.auch-tourisme.com\/en\/wp-content\/uploads\/2020\/03\/sabine.jpg\" alt=\"\" class=\"wp-image-9520\" data-srcset=\"https:\/\/www.auch-tourisme.com\/en\/wp-content\/uploads\/sites\/7\/2020\/03\/sabine.jpg 202w, https:\/\/www.auch-tourisme.com\/en\/wp-content\/uploads\/sites\/7\/2020\/03\/sabine-200x150.jpg 200w\" sizes=\"(max-width: 202px) 100vw, 202px\" \/><\/figure>\n<\/div>\n\n\n\n<div class=\"wp-block-column\" style=\"flex-basis:66.66%\">\n<p>Sabine DARRIEUTORT <br>N\u00b0 au bureau : 05 62 05 95 06 <br>N\u00b0 de portable : 07 61 79 74 17 <br><a rel=\"noreferrer noopener\" href=\"mailto:sabine.darrieutort@auch-tourisme.com\" target=\"_blank\">Contacter Sabine par mail<\/a><\/p>\n<\/div>\n<\/div>\n\n\n\n<h3>Programme des mini-conf<\/h3>\n\n\n\n<p>Elle sont programm\u00e9es plut\u00f4t de l&#8217;hiver au printemps. Elles durent 1h sur un sujet et prennent la forme d&#8217;un point d&#8217;information d\u00e9velopp\u00e9. Elles am\u00e8nent souvent les participants \u00e0 \u00e9largir le sujet de fa\u00e7on personnalis\u00e9 par une prise de rendez-vous pour aller plus loin. Elles peuvent faire l&#8217;objet de mise en pratique et questions \/ r\u00e9ponses en direct, selon les sujets. Elles se d\u00e9roulent \u00e0 l&#8217;office de tourisme ou chez un des professionnels inscrits. <\/p>\n\n\n\n<h2>Autres services propos\u00e9s dans le Gers<\/h2>\n\n\n\n<h3>L&#8217;accompagnement du Comit\u00e9 d\u00e9partemental&nbsp;du Tourisme du Gers <\/h3>\n\n\n\n<p>Retrouvez le <a rel=\"noreferrer noopener\" href=\"https:\/\/www.pro.tourisme-gers.com\/cahier-prestations\" target=\"_blank\">catalogue des prestations 2020 en ligne<\/a>. <\/p>\n\n\n\n<h3>L&#8217;accompagnement par la Chambre de Commerce et d&#8217;Industrie du Gers<\/h3>\n\n\n\n<p>La CCI propose aux professionnels du tourisme, de r\u00e9pondre \u00e0 un questionnaire pour tester en ligne leurs pratiques du web et recevoir les r\u00e9sultats ! Les r\u00e9ponses viendront alimenter un diagnostic. En savoir plus sur cet outil&nbsp;d\u2019autodiagnostic en ligne&nbsp;<strong>gratuit&nbsp;<\/strong><a rel=\"noreferrer noopener\" href=\"http:\/\/www.gers.cci.fr\/actualites\/tourisdiag-20-evaluez-vos-pratiques-numeriques-pour-attirer-de-nouveaux-clients.html\" target=\"_blank\">ici<strong>.<\/strong><\/a><\/p>\n\n\n\n<p>Consultez la totalit\u00e9 des&nbsp;<a rel=\"noreferrer noopener\" href=\"https:\/\/www.cci-formation-gers.fr\/images\/cci-pole-formation-gers\/commun\/calendrier-interentreprise-2020.pdf\" target=\"_blank\">formations propos\u00e9es par la CCI 32<\/a>&nbsp;en 2020.&nbsp;&nbsp;<\/p>\n\n\n\n<h3>Les formations de la Chambre d&#8217;Agriculture du Gers<\/h3>\n\n\n\n<h4>Commercialisation &#8211; Promotion &#8211; Transformation &#8211; Agrotourisme<\/h4>\n\n\n\n<p>La Chambre d&#8217;Agriculture propose des formations \u00e0 ses ressortissants sur tous th\u00e8mes et sujets li\u00e9s au c\u0153ur du m\u00e9tier agricole, mais aussi autour de th\u00e8mes de diversification de l&#8217;activit\u00e9 tel&nbsp;<strong>l&#8217;agrotourisme,<\/strong>&nbsp;par exemple, qui devient parfois une aubaine pour les exploitants agricoles. \u00c9galement, dans les propositions de formations, tout ce qui concerne la&nbsp;<strong>commercialisation et la valorisation des produits du terroir et locaux<\/strong>&nbsp;sont abord\u00e9s. A ce titre, <strong>les professionnels du tourisme dans leur ensemble sont concern\u00e9s. <\/strong><\/p>\n\n\n\n<p>Il s&#8217;agit de formation-actions de 1 \u00e0 3 journ\u00e9es (non cons\u00e9cutives), dispens\u00e9es \u00e0 Auch, ailleurs dans le Gers ou encore en R\u00e9gion Occitanie es en fonction de l&#8217;origine des inscrits.<\/p>\n\n\n\n<p>Consultez le&nbsp;<a href=\"https:\/\/gers.chambre-agriculture.fr\/fileadmin\/user_upload\/Occitanie\/067_Inst-Gers\/documents\/formation\/Decembre_2019_Calendrier_Formation_VF.pdf\" target=\"_blank\" rel=\"noreferrer noopener\">programme des formations du 1er trimestre 2020 de Chambre d&#8217;Agriculture du Gers<\/a>&nbsp;(Commercialisation et agritourisme en page 6).&nbsp;<\/p>\n\n\n\n<h3>Les formations de Chambre de M\u00e9tiers et de l&#8217;Artisanat du Gers<\/h3>\n\n\n\n<p>Le programme est tr\u00e8s complet avec notamment des sujets qui traitent du d\u00e9veloppement des <strong>ventes <\/strong>par l&#8217;optimisation de l&#8217;accueil, par la pratique de <strong>l&#8217;anglais <\/strong>(utile pour l&#8217;accueil des touristes), par la communication en ligne, etc.&nbsp;<\/p>\n\n\n\n<p>Consultez le&nbsp;<a href=\"https:\/\/www.cma-gers.fr\/wp-content\/uploads\/sites\/2\/2019\/12\/Classeur1.pdf\" target=\"_blank\" rel=\"noreferrer noopener\">calendrier des formations du 1er semestre 2020 de la Chambre des M\u00e9tiers du Gers.&nbsp;&nbsp;<\/a><\/p>\n","protected":false},"excerpt":{"rendered":"<p>En \u00e9tant partenaire de l&#8217;office de tourisme, vous acc\u00e9dez \u00e0 l&#8217;accompagnement num\u00e9rique personnalis\u00e9, \u00e0 l&#8217;aide pour la promotion de votre activit\u00e9 professionnelle. Notre objectif : vous aider \u00e0 \u00eatre plus performant ! Nos formules gratuites Nous vous proposons des rendez-vous pratiques individuels. Selon les p\u00e9riodes de l&#8217;ann\u00e9e des mini-conf&#8217; d&#8217;information peuvent \u00eatre programm\u00e9es. Aide personnalis\u00e9e [&hellip;]<\/p>\n","protected":false},"author":1,"featured_media":11613,"parent":188,"menu_order":10,"comment_status":"closed","ping_status":"closed","template":"","meta":[],"yoast_head":"<!-- This site is optimized with the Yoast SEO plugin v15.2.1 - https:\/\/yoast.com\/wordpress\/plugins\/seo\/ -->\n<meta name=\"description\" content=\"En \u00e9tant partenaire de l&#039;office de tourisme, vous acc\u00e9dez \u00e0 l&#039;accompagnement num\u00e9rique personnalis\u00e9, \u00e0 l&#039;aide pour la promotion de votre activit\u00e9\" \/>\n<meta name=\"robots\" content=\"index, follow, max-snippet:-1, max-image-preview:large, max-video-preview:-1\" \/>\n<link rel=\"canonical\" href=\"https:\/\/www.auch-tourisme.com\/en\/pro-area\/visibilite-de-votre-activite-sur-internet\/\" \/>\n<meta property=\"og:locale\" content=\"en_US\" \/>\n<meta property=\"og:type\" content=\"article\" \/>\n<meta property=\"og:title\" content=\"Visibilit\u00e9 de votre activit\u00e9 sur internet - Grand Auch Coeur de Gascogne tourist office, official website\" \/>\n<meta property=\"og:description\" content=\"En \u00e9tant partenaire de l&#039;office de tourisme, vous acc\u00e9dez \u00e0 l&#039;accompagnement num\u00e9rique personnalis\u00e9, \u00e0 l&#039;aide pour la promotion de votre activit\u00e9\" \/>\n<meta property=\"og:url\" content=\"https:\/\/www.auch-tourisme.com\/en\/pro-area\/visibilite-de-votre-activite-sur-internet\/\" \/>\n<meta property=\"og:site_name\" content=\"Grand Auch Coeur de Gascogne tourist office, official website\" \/>\n<meta property=\"article:publisher\" content=\"https:\/\/www.facebook.com\/TourismeAuch\" \/>\n<meta property=\"og:image\" content=\"https:\/\/www.auch-tourisme.com\/en\/wp-content\/uploads\/sites\/7\/2020\/04\/3032018_Igersauch-et-OTs-1.jpg\" \/>\n\t<meta property=\"og:image:width\" content=\"2048\" \/>\n\t<meta property=\"og:image:height\" content=\"1536\" \/>\n<meta name=\"twitter:card\" content=\"summary_large_image\" \/>\n<meta name=\"twitter:creator\" content=\"@tourismeauch\" \/>\n<meta name=\"twitter:site\" content=\"@tourismeauch\" \/>\n<meta name=\"twitter:label1\" content=\"Written by\">\n\t<meta name=\"twitter:data1\" content=\"IRIS Interactive\">\n\t<meta name=\"twitter:label2\" content=\"Est. reading time\">\n\t<meta name=\"twitter:data2\" content=\"2 minutes\">\n<script type=\"application\/ld+json\" class=\"yoast-schema-graph\">{\"@context\":\"https:\/\/schema.org\",\"@graph\":[{\"@type\":\"WebSite\",\"@id\":\"https:\/\/www.auch-tourisme.com\/en\/#website\",\"url\":\"https:\/\/www.auch-tourisme.com\/en\/\",\"name\":\"Grand Auch Coeur de Gascogne tourist office, official website\",\"description\":\"Site suggesting tourist sites, accomadation and leisures, giving information to go sightseeing\",\"potentialAction\":[{\"@type\":\"SearchAction\",\"target\":\"https:\/\/www.auch-tourisme.com\/en\/?s={search_term_string}\",\"query-input\":\"required name=search_term_string\"}],\"inLanguage\":\"en-US\"},{\"@type\":\"ImageObject\",\"@id\":\"https:\/\/www.auch-tourisme.com\/en\/pro-area\/visibilite-de-votre-activite-sur-internet\/#primaryimage\",\"inLanguage\":\"en-US\",\"url\":\"https:\/\/www.auch-tourisme.com\/en\/wp-content\/uploads\/sites\/7\/2020\/04\/3032018_Igersauch-et-OTs-1.jpg\",\"width\":2048,\"height\":1536},{\"@type\":\"WebPage\",\"@id\":\"https:\/\/www.auch-tourisme.com\/en\/pro-area\/visibilite-de-votre-activite-sur-internet\/#webpage\",\"url\":\"https:\/\/www.auch-tourisme.com\/en\/pro-area\/visibilite-de-votre-activite-sur-internet\/\",\"name\":\"Visibilit\\u00e9 de votre activit\\u00e9 sur internet - Grand Auch Coeur de Gascogne tourist office, official website\",\"isPartOf\":{\"@id\":\"https:\/\/www.auch-tourisme.com\/en\/#website\"},\"primaryImageOfPage\":{\"@id\":\"https:\/\/www.auch-tourisme.com\/en\/pro-area\/visibilite-de-votre-activite-sur-internet\/#primaryimage\"},\"datePublished\":\"2020-05-28T07:50:38+00:00\",\"dateModified\":\"2020-05-28T07:50:38+00:00\",\"description\":\"En \\u00e9tant partenaire de l'office de tourisme, vous acc\\u00e9dez \\u00e0 l'accompagnement num\\u00e9rique personnalis\\u00e9, \\u00e0 l'aide pour la promotion de votre activit\\u00e9\",\"breadcrumb\":{\"@id\":\"https:\/\/www.auch-tourisme.com\/en\/pro-area\/visibilite-de-votre-activite-sur-internet\/#breadcrumb\"},\"inLanguage\":\"en-US\",\"potentialAction\":[{\"@type\":\"ReadAction\",\"target\":[\"https:\/\/www.auch-tourisme.com\/en\/pro-area\/visibilite-de-votre-activite-sur-internet\/\"]}]},{\"@type\":\"BreadcrumbList\",\"@id\":\"https:\/\/www.auch-tourisme.com\/en\/pro-area\/visibilite-de-votre-activite-sur-internet\/#breadcrumb\",\"itemListElement\":[{\"@type\":\"ListItem\",\"position\":1,\"item\":{\"@type\":\"WebPage\",\"@id\":\"https:\/\/www.auch-tourisme.com\/en\/\",\"url\":\"https:\/\/www.auch-tourisme.com\/en\/\",\"name\":\"Home\"}},{\"@type\":\"ListItem\",\"position\":2,\"item\":{\"@type\":\"WebPage\",\"@id\":\"https:\/\/www.auch-tourisme.com\/en\/pro-area\/\",\"url\":\"https:\/\/www.auch-tourisme.com\/en\/pro-area\/\",\"name\":\"Pro area\"}},{\"@type\":\"ListItem\",\"position\":3,\"item\":{\"@type\":\"WebPage\",\"@id\":\"https:\/\/www.auch-tourisme.com\/en\/pro-area\/visibilite-de-votre-activite-sur-internet\/\",\"url\":\"https:\/\/www.auch-tourisme.com\/en\/pro-area\/visibilite-de-votre-activite-sur-internet\/\",\"name\":\"Visibilit\\u00e9 de votre activit\\u00e9 sur internet\"}}]}]}<\/script>\n<!-- \/ Yoast SEO plugin. -->","_links":{"self":[{"href":"https:\/\/www.auch-tourisme.com\/en\/wp-json\/wp\/v2\/pages\/9552"}],"collection":[{"href":"https:\/\/www.auch-tourisme.com\/en\/wp-json\/wp\/v2\/pages"}],"about":[{"href":"https:\/\/www.auch-tourisme.com\/en\/wp-json\/wp\/v2\/types\/page"}],"author":[{"embeddable":true,"href":"https:\/\/www.auch-tourisme.com\/en\/wp-json\/wp\/v2\/users\/1"}],"replies":[{"embeddable":true,"href":"https:\/\/www.auch-tourisme.com\/en\/wp-json\/wp\/v2\/comments?post=9552"}],"version-history":[{"count":29,"href":"https:\/\/www.auch-tourisme.com\/en\/wp-json\/wp\/v2\/pages\/9552\/revisions"}],"predecessor-version":[{"id":11561,"href":"https:\/\/www.auch-tourisme.com\/en\/wp-json\/wp\/v2\/pages\/9552\/revisions\/11561"}],"up":[{"embeddable":true,"href":"https:\/\/www.auch-tourisme.com\/en\/wp-json\/wp\/v2\/pages\/188"}],"wp:featuredmedia":[{"embeddable":true,"href":"https:\/\/www.auch-tourisme.com\/en\/wp-json\/wp\/v2\/media\/11613"}],"wp:attachment":[{"href":"https:\/\/www.auch-tourisme.com\/en\/wp-json\/wp\/v2\/media?parent=9552"}],"curies":[{"name":"wp","href":"https:\/\/api.w.org\/{rel}","templated":true}]}}